{"id":4099,"date":"2020-02-26T09:43:44","date_gmt":"2020-02-26T09:43:44","guid":{"rendered":"http:\/\/wp-uphome.astroon.pro\/?page_id=4099"},"modified":"2023-04-14T04:05:02","modified_gmt":"2023-04-14T07:05:02","slug":"about-us","status":"publish","type":"page","link":"https:\/\/veezit.com.br\/index.php\/about-us\/","title":{"rendered":"Quem somos"},"content":{"rendered":"\t\t<div data-elementor-type=\"wp-page\" data-elementor-id=\"4099\" class=\"elementor elementor-4099\">\n\t\t\t\t\t\t\t\t\t<section class=\"elementor-section elementor-top-section elementor-element elementor-element-06d19da elementor-section-boxed elementor-section-height-default elementor-section-height-default astroon-bg-container\" data-id=\"06d19da\" data-element_type=\"section\">\n\t\t\t\t\t\t<div class=\"elementor-container elementor-column-gap-default\">\n\t\t\t\t\t<div class=\"elementor-column elementor-col-50 elementor-top-column elementor-element elementor-element-ffbee5e\" data-id=\"ffbee5e\" data-element_type=\"column\" data-settings=\"{&quot;background_background&quot;:&quot;classic&quot;}\">\n\t\t\t<div class=\"elementor-widget-wrap elementor-element-populated\">\n\t\t\t\t\t\t\t\t<div class=\"elementor-element elementor-element-d35d385 elementor-widget elementor-widget-title_uphome\" data-id=\"d35d385\" data-element_type=\"widget\" data-widget_type=\"title_uphome.default\">\n\t\t\t\t<div class=\"elementor-widget-container\">\n\t\t\t\n\t\t\t<div class=\"head_block left_flex\">\n\t\t\t\t\t\t\t\t<div class=\"b_d\">\n\t\t\t\t\t\t\t\t<h2 data-lax-preset_large=\"zoomIn-0.9\">Sobre a Veezit<\/h2>                \t\t\t\t<p>Sediada em Londrina e atuando em toda a regi\u00e3o desde 2010, somos uma empresa especializada na fabrica\u00e7\u00e3o de esquadrias de portas e janelas em PVC de alta resist\u00eancia e durabilidade, que proporcionam \u00e0 obra excelente acabamento est\u00e9tico, isolamento t\u00e9rmico e ac\u00fastico, dentre outras vantagens. Nossa linha de produtos tem como foco todo o mercado de constru\u00e7\u00e3o civil residencial, comercial, industrial, hospitais, cl\u00ednicas e laborat\u00f3rios, al\u00e9m de reformas.<\/p><p>Buscamos atender o cliente em suas necessidades espec\u00edficas, trabalhando somente sob encomenda e oferecendo atendimento personalizado, com assist\u00eancia p\u00f3s-vendas e instala\u00e7\u00f5es.<\/p><p>Importante salientar que somos a \u00fanica f\u00e1brica de Esquadrias em PVC da regi\u00e3o e isso nos possibilita atender nossos clientes com mais rapidez e agilidade.\u00a0<\/p><p>Possu\u00edmos fornecedor exclusivo de perfis em PVC, empresa especializada na fabrica\u00e7\u00e3o e desenvolvimento de produtos mais estruturados e de melhor acabamento, seguindo os conceitos dos mais modernos fabricantes europeus.<\/p>\t\t\t\t<\/div>\n            <\/div>\n\n    \t\t<\/div>\n\t\t\t\t<\/div>\n\t\t\t\t\t<\/div>\n\t\t<\/div>\n\t\t\t\t<div class=\"elementor-column elementor-col-50 elementor-top-column elementor-element elementor-element-30b6e73\" data-id=\"30b6e73\" data-element_type=\"column\" data-settings=\"{&quot;background_background&quot;:&quot;classic&quot;}\" data-e-bg-lazyload=\".elementor-element-populated\">\n\t\t\t<div class=\"elementor-widget-wrap elementor-element-populated\">\n\t\t\t\t\t\t\t\t<div class=\"elementor-element elementor-element-c37c447 elementor-widget elementor-widget-spacer\" data-id=\"c37c447\" data-element_type=\"widget\" data-widget_type=\"spacer.default\">\n\t\t\t\t<div class=\"elementor-widget-container\">\n\t\t\t<style>\/*! elementor - v3.12.1 - 02-04-2023 *\/\n.elementor-column .elementor-spacer-inner{height:var(--spacer-size)}.e-con{--container-widget-width:100%}.e-con-inner>.elementor-widget-spacer,.e-con>.elementor-widget-spacer{width:var(--container-widget-width,var(--spacer-size));--align-self:var(--container-widget-align-self,initial);--flex-shrink:0}.e-con-inner>.elementor-widget-spacer>.elementor-widget-container,.e-con-inner>.elementor-widget-spacer>.elementor-widget-container>.elementor-spacer,.e-con>.elementor-widget-spacer>.elementor-widget-container,.e-con>.elementor-widget-spacer>.elementor-widget-container>.elementor-spacer{height:100%}.e-con-inner>.elementor-widget-spacer>.elementor-widget-container>.elementor-spacer>.elementor-spacer-inner,.e-con>.elementor-widget-spacer>.elementor-widget-container>.elementor-spacer>.elementor-spacer-inner{height:var(--container-widget-height,var(--spacer-size))}<\/style>\t\t<div class=\"elementor-spacer\">\n\t\t\t<div class=\"elementor-spacer-inner\"><\/div>\n\t\t<\/div>\n\t\t\t\t<\/div>\n\t\t\t\t<\/div>\n\t\t\t\t\t<\/div>\n\t\t<\/div>\n\t\t\t\t\t\t\t<\/div>\n\t\t<\/section>\n\t\t\t\t\t\t\t<\/div>\n\t\t","protected":false},"excerpt":{"rendered":"<p>Sobre a Veezit Sediada em Londrina e atuando em toda a regi\u00e3o desde 2010, somos uma empresa especializada na fabrica\u00e7\u00e3o de esquadrias de portas e janelas em PVC de alta resist\u00eancia e durabilidade, que proporcionam \u00e0 obra excelente acabamento est\u00e9tico, isolamento t\u00e9rmico e ac\u00fastico, dentre&#8230;<\/p>\n","protected":false},"author":1,"featured_media":0,"parent":0,"menu_order":0,"comment_status":"closed","ping_status":"closed","template":"","meta":{"_mi_skip_tracking":false,"_vp_format_video_url":"","_vp_image_focal_point":[]},"aioseo_notices":[],"acf":[],"_links":{"self":[{"href":"https:\/\/veezit.com.br\/index.php\/wp-json\/wp\/v2\/pages\/4099"}],"collection":[{"href":"https:\/\/veezit.com.br\/index.php\/wp-json\/wp\/v2\/pages"}],"about":[{"href":"https:\/\/veezit.com.br\/index.php\/wp-json\/wp\/v2\/types\/page"}],"author":[{"embeddable":true,"href":"https:\/\/veezit.com.br\/index.php\/wp-json\/wp\/v2\/users\/1"}],"replies":[{"embeddable":true,"href":"https:\/\/veezit.com.br\/index.php\/wp-json\/wp\/v2\/comments?post=4099"}],"version-history":[{"count":7,"href":"https:\/\/veezit.com.br\/index.php\/wp-json\/wp\/v2\/pages\/4099\/revisions"}],"predecessor-version":[{"id":4516,"href":"https:\/\/veezit.com.br\/index.php\/wp-json\/wp\/v2\/pages\/4099\/revisions\/4516"}],"wp:attachment":[{"href":"https:\/\/veezit.com.br\/index.php\/wp-json\/wp\/v2\/media?parent=4099"}],"curies":[{"name":"wp","href":"https:\/\/api.w.org\/{rel}","templated":true}]}}